{"id":340,"date":"2019-03-21T13:32:59","date_gmt":"2019-03-21T13:32:59","guid":{"rendered":"http:\/\/kamenzer-jagdverband.com\/home\/"},"modified":"2026-02-22T19:19:55","modified_gmt":"2026-02-22T19:19:55","slug":"home","status":"publish","type":"page","link":"https:\/\/kamenzer-jagdverband.de\/","title":{"rendered":"Startseite"},"content":{"rendered":"\t\t<div data-elementor-type=\"wp-post\" data-elementor-id=\"340\" class=\"elementor elementor-340\">\n\t\t\t\t\t\t<section class=\"elementor-section elementor-top-section elementor-element elementor-element-77ccb31 elementor-section-height-min-height elementor-section-boxed elementor-section-height-default elementor-section-items-middle\" data-id=\"77ccb31\" data-element_type=\"section\" data-e-type=\"section\" data-settings=\"{&quot;background_background&quot;:&quot;classic&quot;,&quot;shape_divider_bottom&quot;:&quot;wave-brush&quot;,&quot;animation&quot;:&quot;none&quot;}\">\n\t\t\t\t\t<div class=\"elementor-shape elementor-shape-bottom\" aria-hidden=\"true\" data-negative=\"false\">\n\t\t\t<svg xmlns=\"http:\/\/www.w3.org\/2000\/svg\" viewBox=\"0 0 283.5 27.8\" preserveAspectRatio=\"none\">\n\t<path class=\"elementor-shape-fill\" d=\"M283.5,9.7c0,0-7.3,4.3-14,4.6c-6.8,0.3-12.6,0-20.9-1.5c-11.3-2-33.1-10.1-44.7-5.7\ts-12.1,4.6-18,7.4c-6.6,3.2-20,9.6-36.6,9.3C131.6,23.5,99.5,7.2,86.3,8c-1.4,0.1-6.6,0.8-10.5,2c-3.8,1.2-9.4,3.8-17,4.7\tc-3.2,0.4-8.3,1.1-14.2,0.9c-1.5-0.1-6.3-0.4-12-1.6c-5.7-1.2-11-3.1-15.8-3.7C6.5,9.2,0,10.8,0,10.8V0h283.5V9.7z M260.8,11.3\tc-0.7-1-2-0.4-4.3-0.4c-2.3,0-6.1-1.2-5.8-1.1c0.3,0.1,3.1,1.5,6,1.9C259.7,12.2,261.4,12.3,260.8,11.3z M242.4,8.6\tc0,0-2.4-0.2-5.6-0.9c-3.2-0.8-10.3-2.8-15.1-3.5c-8.2-1.1-15.8,0-15.1,0.1c0.8,0.1,9.6-0.6,17.6,1.1c3.3,0.7,9.3,2.2,12.4,2.7\tC239.9,8.7,242.4,8.6,242.4,8.6z M185.2,8.5c1.7-0.7-13.3,4.7-18.5,6.1c-2.1,0.6-6.2,1.6-10,2c-3.9,0.4-8.9,0.4-8.8,0.5\tc0,0.2,5.8,0.8,11.2,0c5.4-0.8,5.2-1.1,7.6-1.6C170.5,14.7,183.5,9.2,185.2,8.5z M199.1,6.9c0.2,0-0.8-0.4-4.8,1.1\tc-4,1.5-6.7,3.5-6.9,3.7c-0.2,0.1,3.5-1.8,6.6-3C197,7.5,199,6.9,199.1,6.9z M283,6c-0.1,0.1-1.9,1.1-4.8,2.5s-6.9,2.8-6.7,2.7\tc0.2,0,3.5-0.6,7.4-2.5C282.8,6.8,283.1,5.9,283,6z M31.3,11.6c0.1-0.2-1.9-0.2-4.5-1.2s-5.4-1.6-7.8-2C15,7.6,7.3,8.5,7.7,8.6\tC8,8.7,15.9,8.3,20.2,9.3c2.2,0.5,2.4,0.5,5.7,1.6S31.2,11.9,31.3,11.6z M73,9.2c0.4-0.1,3.5-1.6,8.4-2.6c4.9-1.1,8.9-0.5,8.9-0.8\tc0-0.3-1-0.9-6.2-0.3S72.6,9.3,73,9.2z M71.6,6.7C71.8,6.8,75,5.4,77.3,5c2.3-0.3,1.9-0.5,1.9-0.6c0-0.1-1.1-0.2-2.7,0.2\tC74.8,5.1,71.4,6.6,71.6,6.7z M93.6,4.4c0.1,0.2,3.5,0.8,5.6,1.8c2.1,1,1.8,0.6,1.9,0.5c0.1-0.1-0.8-0.8-2.4-1.3\tC97.1,4.8,93.5,4.2,93.6,4.4z M65.4,11.1c-0.1,0.3,0.3,0.5,1.9-0.2s2.6-1.3,2.2-1.2s-0.9,0.4-2.5,0.8C65.3,10.9,65.5,10.8,65.4,11.1\tz M34.5,12.4c-0.2,0,2.1,0.8,3.3,0.9c1.2,0.1,2,0.1,2-0.2c0-0.3-0.1-0.5-1.6-0.4C36.6,12.8,34.7,12.4,34.5,12.4z M152.2,21.1\tc-0.1,0.1-2.4-0.3-7.5-0.3c-5,0-13.6-2.4-17.2-3.5c-3.6-1.1,10,3.9,16.5,4.1C150.5,21.6,152.3,21,152.2,21.1z\"\/>\n\t<path class=\"elementor-shape-fill\" d=\"M269.6,18c-0.1-0.1-4.6,0.3-7.2,0c-7.3-0.7-17-3.2-16.6-2.9c0.4,0.3,13.7,3.1,17,3.3\tC267.7,18.8,269.7,18,269.6,18z\"\/>\n\t<path class=\"elementor-shape-fill\" d=\"M227.4,9.8c-0.2-0.1-4.5-1-9.5-1.2c-5-0.2-12.7,0.6-12.3,0.5c0.3-0.1,5.9-1.8,13.3-1.2\tS227.6,9.9,227.4,9.8z\"\/>\n\t<path class=\"elementor-shape-fill\" d=\"M204.5,13.4c-0.1-0.1,2-1,3.2-1.1c1.2-0.1,2,0,2,0.3c0,0.3-0.1,0.5-1.6,0.4\tC206.4,12.9,204.6,13.5,204.5,13.4z\"\/>\n\t<path class=\"elementor-shape-fill\" d=\"M201,10.6c0-0.1-4.4,1.2-6.3,2.2c-1.9,0.9-6.2,3.1-6.1,3.1c0.1,0.1,4.2-1.6,6.3-2.6\tS201,10.7,201,10.6z\"\/>\n\t<path class=\"elementor-shape-fill\" d=\"M154.5,26.7c-0.1-0.1-4.6,0.3-7.2,0c-7.3-0.7-17-3.2-16.6-2.9c0.4,0.3,13.7,3.1,17,3.3\tC152.6,27.5,154.6,26.8,154.5,26.7z\"\/>\n\t<path class=\"elementor-shape-fill\" d=\"M41.9,19.3c0,0,1.2-0.3,2.9-0.1c1.7,0.2,5.8,0.9,8.2,0.7c4.2-0.4,7.4-2.7,7-2.6\tc-0.4,0-4.3,2.2-8.6,1.9c-1.8-0.1-5.1-0.5-6.7-0.4S41.9,19.3,41.9,19.3z\"\/>\n\t<path class=\"elementor-shape-fill\" d=\"M75.5,12.6c0.2,0.1,2-0.8,4.3-1.1c2.3-0.2,2.1-0.3,2.1-0.5c0-0.1-1.8-0.4-3.4,0\tC76.9,11.5,75.3,12.5,75.5,12.6z\"\/>\n\t<path class=\"elementor-shape-fill\" d=\"M15.6,13.2c0-0.1,4.3,0,6.7,0.5c2.4,0.5,5,1.9,5,2c0,0.1-2.7-0.8-5.1-1.4\tC19.9,13.7,15.7,13.3,15.6,13.2z\"\/>\n<\/svg>\t\t<\/div>\n\t\t\t\t\t<div class=\"elementor-container elementor-column-gap-default\">\n\t\t\t\t\t<div class=\"elementor-column elementor-col-100 elementor-top-column elementor-element elementor-element-c6408c8 envato-kit-62-home\" data-id=\"c6408c8\" data-element_type=\"column\" data-e-type=\"column\" data-settings=\"{&quot;background_background&quot;:&quot;classic&quot;}\">\n\t\t\t<div class=\"elementor-widget-wrap elementor-element-populated\">\n\t\t\t\t\t\t<div class=\"elementor-element elementor-element-de72c4a elementor-widget elementor-widget-heading\" data-id=\"de72c4a\" data-element_type=\"widget\" data-e-type=\"widget\" data-widget_type=\"heading.default\">\n\t\t\t\t<div class=\"elementor-widget-container\">\n\t\t\t\t\t<h2 class=\"elementor-heading-title elementor-size-default\">Willkommen auf der Internetseite des Kamenzer Jagdverbandes<\/h2>\t\t\t\t<\/div>\n\t\t\t\t<\/div>\n\t\t\t\t\t<\/div>\n\t\t<\/div>\n\t\t\t\t\t<\/div>\n\t\t<\/section>\n\t\t\t\t<section class=\"elementor-section elementor-top-section elementor-element elementor-element-aa5467b elementor-section-boxed elementor-section-height-default elementor-section-height-default\" data-id=\"aa5467b\" data-element_type=\"section\" data-e-type=\"section\">\n\t\t\t\t\t\t<div class=\"elementor-container elementor-column-gap-default\">\n\t\t\t\t\t<div class=\"elementor-column elementor-col-100 elementor-top-column elementor-element elementor-element-0a0dc23\" data-id=\"0a0dc23\" data-element_type=\"column\" data-e-type=\"column\">\n\t\t\t<div class=\"elementor-widget-wrap elementor-element-populated\">\n\t\t\t\t\t\t<div class=\"elementor-element elementor-element-dcca02d elementor-widget elementor-widget-text-editor\" data-id=\"dcca02d\" data-element_type=\"widget\" data-e-type=\"widget\" data-widget_type=\"text-editor.default\">\n\t\t\t\t<div class=\"elementor-widget-container\">\n\t\t\t\t\t\t\t\t\t<p><b>Unser Jagdverband<\/b> ist ein Zusammenschluss von J\u00e4gern und Freunden der Jagd im Altkreis Kamenz. Sie finden im Folgenden Informationen \u00fcber die Jagd in unserer Region, Aktivit\u00e4ten unseres Kreisjagdverbandes und seiner Mitglieder sowie der Jagdverb\u00e4nde in Land und Bund.<\/p><p>Jagd und Hege sind bodenst\u00e4ndige Grundelemente l\u00e4ndlichen Lebens. Sie sind angewandter Naturschutz im Einklang mit Land- und Forstwirtschaft. Wir laden Sie ein, mit uns gemeinsam die Natur und ihren Wildbestand zu erhalten!<\/p>\t\t\t\t\t\t\t\t<\/div>\n\t\t\t\t<\/div>\n\t\t\t\t\t<\/div>\n\t\t<\/div>\n\t\t\t\t\t<\/div>\n\t\t<\/section>\n\t\t\t\t<section class=\"elementor-section elementor-top-section elementor-element elementor-element-126ee24 elementor-section-boxed elementor-section-height-default elementor-section-height-default\" data-id=\"126ee24\" data-element_type=\"section\" data-e-type=\"section\">\n\t\t\t\t\t\t<div class=\"elementor-container elementor-column-gap-default\">\n\t\t\t\t\t<div class=\"elementor-column elementor-col-100 elementor-top-column elementor-element elementor-element-e13cc4d\" data-id=\"e13cc4d\" data-element_type=\"column\" data-e-type=\"column\">\n\t\t\t<div class=\"elementor-widget-wrap elementor-element-populated\">\n\t\t\t\t\t\t<div class=\"elementor-element elementor-element-8eb896f elementor-widget elementor-widget-text-editor\" data-id=\"8eb896f\" data-element_type=\"widget\" data-e-type=\"widget\" data-widget_type=\"text-editor.default\">\n\t\t\t\t<div class=\"elementor-widget-container\">\n\t\t\t\t\t\t\t\t\t<h5>Achtung, wir haben eine neue Email-Adresse ab 01.01.2026. Bitte nutzt ab jetzt die Email <span style=\"text-decoration: underline; color: #008000;\"><b>kjv@kamenzer-jagdverband.de<\/b><\/span><\/h5>\t\t\t\t\t\t\t\t<\/div>\n\t\t\t\t<\/div>\n\t\t\t\t\t<\/div>\n\t\t<\/div>\n\t\t\t\t\t<\/div>\n\t\t<\/section>\n\t\t\t\t<section class=\"elementor-section elementor-top-section elementor-element elementor-element-918236f elementor-section-boxed elementor-section-height-default elementor-section-height-default\" data-id=\"918236f\" data-element_type=\"section\" data-e-type=\"section\">\n\t\t\t\t\t\t<div class=\"elementor-container elementor-column-gap-default\">\n\t\t\t\t\t<div class=\"elementor-column elementor-col-100 elementor-top-column elementor-element elementor-element-828d87c\" data-id=\"828d87c\" data-element_type=\"column\" data-e-type=\"column\">\n\t\t\t<div class=\"elementor-widget-wrap elementor-element-populated\">\n\t\t\t\t\t\t<div class=\"elementor-element elementor-element-2ab8c7f elementor-widget elementor-widget-heading\" data-id=\"2ab8c7f\" data-element_type=\"widget\" data-e-type=\"widget\" data-widget_type=\"heading.default\">\n\t\t\t\t<div class=\"elementor-widget-container\">\n\t\t\t\t\t<h3 class=\"elementor-heading-title elementor-size-default\"><u>Aktuelles<\/u><\/h3>\t\t\t\t<\/div>\n\t\t\t\t<\/div>\n\t\t\t\t\t<\/div>\n\t\t<\/div>\n\t\t\t\t\t<\/div>\n\t\t<\/section>\n\t\t\t\t<section class=\"elementor-section elementor-top-section elementor-element elementor-element-302ea70 elementor-section-boxed elementor-section-height-default elementor-section-height-default\" data-id=\"302ea70\" data-element_type=\"section\" data-e-type=\"section\">\n\t\t\t\t\t\t<div class=\"elementor-container elementor-column-gap-default\">\n\t\t\t\t\t<div class=\"elementor-column elementor-col-100 elementor-top-column elementor-element elementor-element-944cdc3\" data-id=\"944cdc3\" data-element_type=\"column\" data-e-type=\"column\">\n\t\t\t<div class=\"elementor-widget-wrap elementor-element-populated\">\n\t\t\t\t\t\t<section class=\"elementor-section elementor-inner-section elementor-element elementor-element-314c072 elementor-section-boxed elementor-section-height-default elementor-section-height-default\" data-id=\"314c072\" data-element_type=\"section\" data-e-type=\"section\">\n\t\t\t\t\t\t<div class=\"elementor-container elementor-column-gap-default\">\n\t\t\t\t\t<div class=\"elementor-column elementor-col-100 elementor-inner-column elementor-element elementor-element-e7cbca8\" data-id=\"e7cbca8\" data-element_type=\"column\" data-e-type=\"column\">\n\t\t\t<div class=\"elementor-widget-wrap elementor-element-populated\">\n\t\t\t\t\t\t<div class=\"elementor-element elementor-element-240107e elementor-widget elementor-widget-heading\" data-id=\"240107e\" data-element_type=\"widget\" data-e-type=\"widget\" data-widget_type=\"heading.default\">\n\t\t\t\t<div class=\"elementor-widget-container\">\n\t\t\t\t\t<h4 class=\"elementor-heading-title elementor-size-default\">Einladung zum Kreisj\u00e4gertag des Kamenzer Jagdverbandes am 06.03.2025<\/h4>\t\t\t\t<\/div>\n\t\t\t\t<\/div>\n\t\t\t\t\t<\/div>\n\t\t<\/div>\n\t\t\t\t\t<\/div>\n\t\t<\/section>\n\t\t\t\t<section class=\"elementor-section elementor-inner-section elementor-element elementor-element-72438d6 elementor-section-boxed elementor-section-height-default elementor-section-height-default\" data-id=\"72438d6\" data-element_type=\"section\" data-e-type=\"section\">\n\t\t\t\t\t\t<div class=\"elementor-container elementor-column-gap-default\">\n\t\t\t\t\t<div class=\"elementor-column elementor-col-50 elementor-inner-column elementor-element elementor-element-49e73e3\" data-id=\"49e73e3\" data-element_type=\"column\" data-e-type=\"column\">\n\t\t\t<div class=\"elementor-widget-wrap elementor-element-populated\">\n\t\t\t\t\t\t<div class=\"elementor-element elementor-element-2d31902 elementor-widget elementor-widget-image\" data-id=\"2d31902\" data-element_type=\"widget\" data-e-type=\"widget\" data-widget_type=\"image.default\">\n\t\t\t\t<div class=\"elementor-widget-container\">\n\t\t\t\t\t\t\t\t\t\t\t\t\t\t\t<img fetchpriority=\"high\" decoding=\"async\" width=\"200\" height=\"300\" src=\"https:\/\/kamenzer-jagdverband.de\/wp-content\/uploads\/2022\/09\/LOGO-KJV-Wildschein-freigestellt-200x300.png\" class=\"attachment-medium size-medium wp-image-3270\" alt=\"\" srcset=\"https:\/\/kamenzer-jagdverband.de\/wp-content\/uploads\/2022\/09\/LOGO-KJV-Wildschein-freigestellt-200x300.png 200w, https:\/\/kamenzer-jagdverband.de\/wp-content\/uploads\/2022\/09\/LOGO-KJV-Wildschein-freigestellt-683x1024.png 683w, https:\/\/kamenzer-jagdverband.de\/wp-content\/uploads\/2022\/09\/LOGO-KJV-Wildschein-freigestellt-768x1152.png 768w, https:\/\/kamenzer-jagdverband.de\/wp-content\/uploads\/2022\/09\/LOGO-KJV-Wildschein-freigestellt.png 1024w\" sizes=\"(max-width: 200px) 100vw, 200px\" \/>\t\t\t\t\t\t\t\t\t\t\t\t\t\t\t<\/div>\n\t\t\t\t<\/div>\n\t\t\t\t\t<\/div>\n\t\t<\/div>\n\t\t\t\t<div class=\"elementor-column elementor-col-50 elementor-inner-column elementor-element elementor-element-89b293d\" data-id=\"89b293d\" data-element_type=\"column\" data-e-type=\"column\">\n\t\t\t<div class=\"elementor-widget-wrap elementor-element-populated\">\n\t\t\t\t\t\t<div class=\"elementor-element elementor-element-99b45b2 elementor-widget elementor-widget-text-editor\" data-id=\"99b45b2\" data-element_type=\"widget\" data-e-type=\"widget\" data-widget_type=\"text-editor.default\">\n\t\t\t\t<div class=\"elementor-widget-container\">\n\t\t\t\t\t\t\t\t\t<p>Liebe Weidgenossinnen und Weidgenossen im Kamenzer Jagdverband e.V.,<\/p><div>der Vorstand l\u00e4dt Sie, hiermit zu unserem<\/div><div>\u00a0<\/div><p><b>36. Kamenzer J\u00e4gertag (Hauptversammlung) mit Wahl des neuen Vorstandes<\/b><\/p><p>am Freitag,<u> den 06.M\u00e4rz um 18:00 Uhr<\/u><br \/>im Gasthof <u>\u201eFissels Gasthof\u201c<\/u><br \/>01917 Kamenz\u00a0 OT Cunnersdorf, Hausdorfer Stra\u00dfe 21<\/p><p>ein.<\/p><p>36 Jahre Jagd, das ist schon eine stolze Zahl, die wir da mit unserem Kamenzer Jagdverein e.V.\u00a0unter der F\u00fchrung des Landesjagdverbandes Sachsen e.V. erleben konnten.<\/p><p>Die erreichten Erfolge gehen auf Sie, die Ihre Freizeit und Ihr Hobby der Jagd verschrieben haben zur\u00fcck.<br \/>Wir nehmen immer noch gern Informationen und Vorschl\u00e4ge f\u00fcr die Gestaltung an (kjvkamenz[at]jagd-sachsen.de). Auch f\u00fcr die<br \/>Unterst\u00fctzung aus Ihren Reihen w\u00fcrden wir uns als Ihr Vorstand sehr freuen.<br \/>Die Einladung mit der aktuellen Tagesordnung finden Sie hier:\u00a0<a href=\"https:\/\/kamenzer-jagdverband.de\/wp-content\/uploads\/2026\/01\/Einladung-KJT26.pdf\">Einladung KJT26<\/a><\/p><p>Herzlichst Weidmannsheil<\/p><p>i.A. Gunter Franke<\/p>\t\t\t\t\t\t\t\t<\/div>\n\t\t\t\t<\/div>\n\t\t\t\t\t<\/div>\n\t\t<\/div>\n\t\t\t\t\t<\/div>\n\t\t<\/section>\n\t\t\t\t\t<\/div>\n\t\t<\/div>\n\t\t\t\t\t<\/div>\n\t\t<\/section>\n\t\t\t\t<section class=\"elementor-section elementor-top-section elementor-element elementor-element-f00ea42 elementor-section-boxed elementor-section-height-default elementor-section-height-default\" data-id=\"f00ea42\" data-element_type=\"section\" data-e-type=\"section\">\n\t\t\t\t\t\t<div class=\"elementor-container elementor-column-gap-default\">\n\t\t\t\t\t<div class=\"elementor-column elementor-col-100 elementor-top-column elementor-element elementor-element-347d221\" data-id=\"347d221\" data-element_type=\"column\" data-e-type=\"column\">\n\t\t\t<div class=\"elementor-widget-wrap elementor-element-populated\">\n\t\t\t\t\t\t<section class=\"elementor-section elementor-inner-section elementor-element elementor-element-323707e elementor-section-boxed elementor-section-height-default elementor-section-height-default\" data-id=\"323707e\" data-element_type=\"section\" data-e-type=\"section\">\n\t\t\t\t\t\t<div class=\"elementor-container elementor-column-gap-default\">\n\t\t\t\t\t<div class=\"elementor-column elementor-col-100 elementor-inner-column elementor-element elementor-element-6ac9c0d\" data-id=\"6ac9c0d\" data-element_type=\"column\" data-e-type=\"column\">\n\t\t\t<div class=\"elementor-widget-wrap elementor-element-populated\">\n\t\t\t\t\t\t<div class=\"elementor-element elementor-element-036002b elementor-widget elementor-widget-heading\" data-id=\"036002b\" data-element_type=\"widget\" data-e-type=\"widget\" data-widget_type=\"heading.default\">\n\t\t\t\t<div class=\"elementor-widget-container\">\n\t\t\t\t\t<h4 class=\"elementor-heading-title elementor-size-default\">Kamenzer Jagdverband feiert mit: Eigener Stand zur 800-Jahr-Feier begeistert Besucher<\/h4>\t\t\t\t<\/div>\n\t\t\t\t<\/div>\n\t\t\t\t\t<\/div>\n\t\t<\/div>\n\t\t\t\t\t<\/div>\n\t\t<\/section>\n\t\t\t\t<section class=\"elementor-section elementor-inner-section elementor-element elementor-element-aa3dd78 elementor-section-boxed elementor-section-height-default elementor-section-height-default\" data-id=\"aa3dd78\" data-element_type=\"section\" data-e-type=\"section\">\n\t\t\t\t\t\t<div class=\"elementor-container elementor-column-gap-default\">\n\t\t\t\t\t<div class=\"elementor-column elementor-col-50 elementor-inner-column elementor-element elementor-element-ed675e8\" data-id=\"ed675e8\" data-element_type=\"column\" data-e-type=\"column\">\n\t\t\t<div class=\"elementor-widget-wrap elementor-element-populated\">\n\t\t\t\t\t\t<div class=\"elementor-element elementor-element-c9d6d91 elementor-widget elementor-widget-image\" data-id=\"c9d6d91\" data-element_type=\"widget\" data-e-type=\"widget\" data-widget_type=\"image.default\">\n\t\t\t\t<div class=\"elementor-widget-container\">\n\t\t\t\t\t\t\t\t\t\t\t\t\t\t\t<img decoding=\"async\" width=\"225\" height=\"300\" src=\"https:\/\/kamenzer-jagdverband.de\/wp-content\/uploads\/2025\/07\/719bc984-9988-4a85-b88c-5d07a9707132-225x300.jpg\" class=\"attachment-medium size-medium wp-image-3064\" alt=\"\" srcset=\"https:\/\/kamenzer-jagdverband.de\/wp-content\/uploads\/2025\/07\/719bc984-9988-4a85-b88c-5d07a9707132-225x300.jpg 225w, https:\/\/kamenzer-jagdverband.de\/wp-content\/uploads\/2025\/07\/719bc984-9988-4a85-b88c-5d07a9707132-768x1024.jpg 768w, https:\/\/kamenzer-jagdverband.de\/wp-content\/uploads\/2025\/07\/719bc984-9988-4a85-b88c-5d07a9707132-1152x1536.jpg 1152w, https:\/\/kamenzer-jagdverband.de\/wp-content\/uploads\/2025\/07\/719bc984-9988-4a85-b88c-5d07a9707132.jpg 1500w\" sizes=\"(max-width: 225px) 100vw, 225px\" \/>\t\t\t\t\t\t\t\t\t\t\t\t\t\t\t<\/div>\n\t\t\t\t<\/div>\n\t\t\t\t\t<\/div>\n\t\t<\/div>\n\t\t\t\t<div class=\"elementor-column elementor-col-50 elementor-inner-column elementor-element elementor-element-ecf81d9\" data-id=\"ecf81d9\" data-element_type=\"column\" data-e-type=\"column\">\n\t\t\t<div class=\"elementor-widget-wrap elementor-element-populated\">\n\t\t\t\t\t\t<div class=\"elementor-element elementor-element-2290e60 elementor-widget elementor-widget-text-editor\" data-id=\"2290e60\" data-element_type=\"widget\" data-e-type=\"widget\" data-widget_type=\"text-editor.default\">\n\t\t\t\t<div class=\"elementor-widget-container\">\n\t\t\t\t\t\t\t\t\t<p>Im Rahmen der gro\u00dfen 800-Jahr-Feier der Stadt Kamenz war auch der Kamenzer Jagdverband mit einem eigenen Stand vertreten \u2013 und zog dabei zahlreiche interessierte Besucher an. Mit viel Engagement und Liebe zum Detail pr\u00e4sentierten die Mitglieder des Verbandes ihr Handwerk, ihre Traditionen und ihre wichtige Rolle f\u00fcr Natur- und Wildhege in der Region.<\/p><p><span style=\"font-style: inherit; font-weight: inherit; background-color: var(--ast-global-color-4); color: var(--ast-global-color-3);\">Der Stand des Jagdverbandes war ein echter Publikumsmagnet. Neben anschaulichen Exponaten heimischer Wildtiere und Informationen zur nachhaltigen Jagd nutzten viele Besucher die Gelegenheit, sich mit den anwesenden J\u00e4gerinnen und J\u00e4gern auszutauschen. Vor allem Familien mit Kindern zeigten gro\u00dfes Interesse \u2013 ob beim Bestaunen von Tierpr\u00e4paraten, beim Anfassen von Geweihen oder beim Ausprobieren eines Jagdhorns.\u00a0<\/span><span style=\"background-color: var(--ast-global-color-4); color: var(--ast-global-color-3); font-style: inherit; font-weight: inherit;\">Zudem wurden Fragen zur Jagdausbildung, zur Wildbretverwertung und zum aktiven Naturschutz kompetent beantwortet.<\/span><\/p><p><span style=\"font-style: inherit; font-weight: inherit; background-color: var(--ast-global-color-4); color: var(--ast-global-color-3);\">\u201eEs ist uns wichtig, als Teil der Stadtgemeinschaft sichtbar zu sein und aufzuzeigen, welchen Beitrag die Jagd f\u00fcr den Erhalt des \u00f6kologischen Gleichgewichts leistet\u201c, erkl\u00e4rte ein Sprecher des Verbandes. \u201eDie Feierlichkeiten boten daf\u00fcr eine ideale Plattform \u2013 und wir freuen uns sehr \u00fcber das gro\u00dfe Interesse und die positiven R\u00fcckmeldungen.\u201c<\/span><\/p><p><span style=\"font-style: inherit; font-weight: inherit; background-color: var(--ast-global-color-4); color: var(--ast-global-color-3);\">Mit seinem Stand hat der Kamenzer Jagdverband nicht nur zur Vielfalt des Festes beigetragen, sondern auch wertvolle Aufkl\u00e4rungsarbeit geleistet. Die Teilnahme an der 800-Jahr-Feier war somit nicht nur ein Ausdruck regionaler Verbundenheit, sondern auch ein starkes Zeichen f\u00fcr gelebte Verantwortung gegen\u00fcber Natur und Gesellschaft.<\/span><\/p>\t\t\t\t\t\t\t\t<\/div>\n\t\t\t\t<\/div>\n\t\t\t\t\t<\/div>\n\t\t<\/div>\n\t\t\t\t\t<\/div>\n\t\t<\/section>\n\t\t\t\t\t<\/div>\n\t\t<\/div>\n\t\t\t\t\t<\/div>\n\t\t<\/section>\n\t\t\t\t<section class=\"elementor-section elementor-top-section elementor-element elementor-element-1c44983 elementor-section-boxed elementor-section-height-default elementor-section-height-default\" data-id=\"1c44983\" data-element_type=\"section\" data-e-type=\"section\">\n\t\t\t\t\t\t<div class=\"elementor-container elementor-column-gap-default\">\n\t\t\t\t\t<div class=\"elementor-column elementor-col-100 elementor-top-column elementor-element elementor-element-27d37fe\" data-id=\"27d37fe\" data-element_type=\"column\" data-e-type=\"column\">\n\t\t\t<div class=\"elementor-widget-wrap elementor-element-populated\">\n\t\t\t\t\t\t<section class=\"elementor-section elementor-inner-section elementor-element elementor-element-6fce76a elementor-section-boxed elementor-section-height-default elementor-section-height-default\" data-id=\"6fce76a\" data-element_type=\"section\" data-e-type=\"section\">\n\t\t\t\t\t\t<div class=\"elementor-container elementor-column-gap-default\">\n\t\t\t\t\t<div class=\"elementor-column elementor-col-100 elementor-inner-column elementor-element elementor-element-7ae3886\" data-id=\"7ae3886\" data-element_type=\"column\" data-e-type=\"column\">\n\t\t\t<div class=\"elementor-widget-wrap elementor-element-populated\">\n\t\t\t\t\t\t<div class=\"elementor-element elementor-element-d39e7d8 elementor-widget elementor-widget-heading\" data-id=\"d39e7d8\" data-element_type=\"widget\" data-e-type=\"widget\" data-widget_type=\"heading.default\">\n\t\t\t\t<div class=\"elementor-widget-container\">\n\t\t\t\t\t<h4 class=\"elementor-heading-title elementor-size-default\">Einladung zur gemeinsamen Fahrt zur \u201e[Natura in Lysa nad Labem]\u201c 2026<span style=\"background-color: var(--ast-global-color-4);color: var(--ast-global-color-2);font-size: 1.33333rem;font-style: inherit;font-family: Montserrat, sans-serif;font-weight: 600;white-space: pre-wrap;text-align: center;float: none\"><\/span><\/h4>\t\t\t\t<\/div>\n\t\t\t\t<\/div>\n\t\t\t\t\t<\/div>\n\t\t<\/div>\n\t\t\t\t\t<\/div>\n\t\t<\/section>\n\t\t\t\t<section class=\"elementor-section elementor-inner-section elementor-element elementor-element-ebc0da8 elementor-section-boxed elementor-section-height-default elementor-section-height-default\" data-id=\"ebc0da8\" data-element_type=\"section\" data-e-type=\"section\">\n\t\t\t\t\t\t<div class=\"elementor-container elementor-column-gap-default\">\n\t\t\t\t\t<div class=\"elementor-column elementor-col-50 elementor-inner-column elementor-element elementor-element-bf04950\" data-id=\"bf04950\" data-element_type=\"column\" data-e-type=\"column\">\n\t\t\t<div class=\"elementor-widget-wrap elementor-element-populated\">\n\t\t\t\t\t\t<div class=\"elementor-element elementor-element-daf5d31 elementor-widget elementor-widget-image\" data-id=\"daf5d31\" data-element_type=\"widget\" data-e-type=\"widget\" data-widget_type=\"image.default\">\n\t\t\t\t<div class=\"elementor-widget-container\">\n\t\t\t\t\t\t\t\t\t\t\t\t\t\t\t<img fetchpriority=\"high\" decoding=\"async\" width=\"200\" height=\"300\" src=\"https:\/\/kamenzer-jagdverband.de\/wp-content\/uploads\/2022\/09\/LOGO-KJV-Wildschein-freigestellt-200x300.png\" class=\"attachment-medium size-medium wp-image-3270\" alt=\"\" srcset=\"https:\/\/kamenzer-jagdverband.de\/wp-content\/uploads\/2022\/09\/LOGO-KJV-Wildschein-freigestellt-200x300.png 200w, https:\/\/kamenzer-jagdverband.de\/wp-content\/uploads\/2022\/09\/LOGO-KJV-Wildschein-freigestellt-683x1024.png 683w, https:\/\/kamenzer-jagdverband.de\/wp-content\/uploads\/2022\/09\/LOGO-KJV-Wildschein-freigestellt-768x1152.png 768w, https:\/\/kamenzer-jagdverband.de\/wp-content\/uploads\/2022\/09\/LOGO-KJV-Wildschein-freigestellt.png 1024w\" sizes=\"(max-width: 200px) 100vw, 200px\" \/>\t\t\t\t\t\t\t\t\t\t\t\t\t\t\t<\/div>\n\t\t\t\t<\/div>\n\t\t\t\t\t<\/div>\n\t\t<\/div>\n\t\t\t\t<div class=\"elementor-column elementor-col-50 elementor-inner-column elementor-element elementor-element-c4f7214\" data-id=\"c4f7214\" data-element_type=\"column\" data-e-type=\"column\">\n\t\t\t<div class=\"elementor-widget-wrap elementor-element-populated\">\n\t\t\t\t\t\t<div class=\"elementor-element elementor-element-dae2218 elementor-widget elementor-widget-text-editor\" data-id=\"dae2218\" data-element_type=\"widget\" data-e-type=\"widget\" data-widget_type=\"text-editor.default\">\n\t\t\t\t<div class=\"elementor-widget-container\">\n\t\t\t\t\t\t\t\t\t<p>Liebe J\u00e4gerinnen und J\u00e4ger,<\/p><p>wir freuen uns, euch zu einer besonderen Gemeinschaftsreise einzuladen! Gemeinsam m\u00f6chten wir die Natura in Lysa nad Labem besuchen. Taucht mit uns ein in die faszinierende Welt der Jagd, Natur und Hundehaltung und entdeckt die neuesten Produkte, Trends und Innovationen.<\/p><p>Reisedetails:<\/p><p>\ud83d\udcc5 Datum: 22.05.2025\u00a0<\/p><p>\ud83d\ude8c Abfahrt: 8:00 Uhr Silberbergcenter in Radeberg<\/p><p>\ud83c\udfc1 R\u00fcckkehr: gegen 17:00 Uhr in Radeberg<\/p><p>\ud83d\udcb6 Kosten: Busfahrt ca. 50,00 \u20ac, Eintritt in Kronen 200 Kr<\/p><p>Wir planen die Anreise mit einem komfortablen Reisebus, um die Fahrt f\u00fcr alle entspannt und gesellig zu gestalten. Die Teilnehmerzahl ist begrenzt, daher bitten wir euch, euch fr\u00fchzeitig anzumelden.<\/p><p>Anmeldung und R\u00fcckfragen:<\/p><p>Bitte meldet euch bis sp\u00e4testens<b> 05.04.2026 <\/b>bei Gunter Franke, <strong>k<\/strong><b>jv@kamenzer-jagdverband.de<\/b>, oder Tel. <strong>0171 5553051<\/strong> an.<\/p><p>Wir freuen uns auf einen spannenden und informativen Tag mit euch!<\/p><p>Mit Waidmannsheil,<\/p><p>Mike Petzold\u00a0<\/p><p>Obmann \u00d6ffentlichkeitsarbeit<\/p>\t\t\t\t\t\t\t\t<\/div>\n\t\t\t\t<\/div>\n\t\t\t\t\t<\/div>\n\t\t<\/div>\n\t\t\t\t\t<\/div>\n\t\t<\/section>\n\t\t\t\t\t<\/div>\n\t\t<\/div>\n\t\t\t\t\t<\/div>\n\t\t<\/section>\n\t\t\t\t<section class=\"elementor-section elementor-top-section elementor-element elementor-element-a985a1f elementor-section-boxed elementor-section-height-default elementor-section-height-default\" data-id=\"a985a1f\" data-element_type=\"section\" data-e-type=\"section\">\n\t\t\t\t\t\t<div class=\"elementor-container elementor-column-gap-default\">\n\t\t\t\t\t<div class=\"elementor-column elementor-col-100 elementor-top-column elementor-element elementor-element-d253708\" data-id=\"d253708\" data-element_type=\"column\" data-e-type=\"column\">\n\t\t\t<div class=\"elementor-widget-wrap elementor-element-populated\">\n\t\t\t\t\t\t<section class=\"elementor-section elementor-inner-section elementor-element elementor-element-26f237e elementor-section-boxed elementor-section-height-default elementor-section-height-default\" data-id=\"26f237e\" data-element_type=\"section\" data-e-type=\"section\">\n\t\t\t\t\t\t<div class=\"elementor-container elementor-column-gap-default\">\n\t\t\t\t\t<div class=\"elementor-column elementor-col-100 elementor-inner-column elementor-element elementor-element-9dbf036\" data-id=\"9dbf036\" data-element_type=\"column\" data-e-type=\"column\">\n\t\t\t<div class=\"elementor-widget-wrap elementor-element-populated\">\n\t\t\t\t\t\t<div class=\"elementor-element elementor-element-4835158 elementor-widget elementor-widget-heading\" data-id=\"4835158\" data-element_type=\"widget\" data-e-type=\"widget\" data-widget_type=\"heading.default\">\n\t\t\t\t<div class=\"elementor-widget-container\">\n\t\t\t\t\t<h4 class=\"elementor-heading-title elementor-size-default\">Einladung KJV-Jagdjahresauftaktschie\u00dfen 2026 in der Massenei, Gro\u00dfr\u00f6hrsdorf - 28.02.2026<\/h4>\t\t\t\t<\/div>\n\t\t\t\t<\/div>\n\t\t\t\t\t<\/div>\n\t\t<\/div>\n\t\t\t\t\t<\/div>\n\t\t<\/section>\n\t\t\t\t<section class=\"elementor-section elementor-inner-section elementor-element elementor-element-f93bd7c elementor-section-boxed elementor-section-height-default elementor-section-height-default\" data-id=\"f93bd7c\" data-element_type=\"section\" data-e-type=\"section\">\n\t\t\t\t\t\t<div class=\"elementor-container elementor-column-gap-default\">\n\t\t\t\t\t<div class=\"elementor-column elementor-col-50 elementor-inner-column elementor-element elementor-element-f0e1e03\" data-id=\"f0e1e03\" data-element_type=\"column\" data-e-type=\"column\">\n\t\t\t<div class=\"elementor-widget-wrap elementor-element-populated\">\n\t\t\t\t\t\t<div class=\"elementor-element elementor-element-16c6bda elementor-widget elementor-widget-image\" data-id=\"16c6bda\" data-element_type=\"widget\" data-e-type=\"widget\" data-widget_type=\"image.default\">\n\t\t\t\t<div class=\"elementor-widget-container\">\n\t\t\t\t\t\t\t\t\t\t\t\t\t\t\t<img decoding=\"async\" width=\"225\" height=\"300\" src=\"https:\/\/kamenzer-jagdverband.de\/wp-content\/uploads\/2026\/01\/WhatsApp-Image-2024-07-04-at-15.18.30-225x300.jpeg\" class=\"attachment-medium size-medium wp-image-3145\" alt=\"\" srcset=\"https:\/\/kamenzer-jagdverband.de\/wp-content\/uploads\/2026\/01\/WhatsApp-Image-2024-07-04-at-15.18.30-225x300.jpeg 225w, https:\/\/kamenzer-jagdverband.de\/wp-content\/uploads\/2026\/01\/WhatsApp-Image-2024-07-04-at-15.18.30-768x1024.jpeg 768w, https:\/\/kamenzer-jagdverband.de\/wp-content\/uploads\/2026\/01\/WhatsApp-Image-2024-07-04-at-15.18.30-1152x1536.jpeg 1152w, https:\/\/kamenzer-jagdverband.de\/wp-content\/uploads\/2026\/01\/WhatsApp-Image-2024-07-04-at-15.18.30.jpeg 1200w\" sizes=\"(max-width: 225px) 100vw, 225px\" \/>\t\t\t\t\t\t\t\t\t\t\t\t\t\t\t<\/div>\n\t\t\t\t<\/div>\n\t\t\t\t\t<\/div>\n\t\t<\/div>\n\t\t\t\t<div class=\"elementor-column elementor-col-50 elementor-inner-column elementor-element elementor-element-1de16b5\" data-id=\"1de16b5\" data-element_type=\"column\" data-e-type=\"column\">\n\t\t\t<div class=\"elementor-widget-wrap elementor-element-populated\">\n\t\t\t\t\t\t<div class=\"elementor-element elementor-element-aa6462f elementor-widget elementor-widget-text-editor\" data-id=\"aa6462f\" data-element_type=\"widget\" data-e-type=\"widget\" data-widget_type=\"text-editor.default\">\n\t\t\t\t<div class=\"elementor-widget-container\">\n\t\t\t\t\t\t\t\t\t<p>Wir veranstalten f\u00fcr Euch wieder ein \u201eJagdjahresauftaktschie\u00dfen\u201c auf dem Gel\u00e4nde des Sch\u00fctzenverein Stolpen 1990 e.V., auch bekannt als \u201eMassenei\u201c in Gro\u00dfr\u00f6hrsdorf. Weitere Informationen findet ihr im Bereich &#8222;<a href=\"https:\/\/kamenzer-jagdverband.de\/?page_id=1163\" target=\"_blank\" rel=\"noopener\">Mitteilungen<\/a>&#8222;.<\/p><p>\u00a0<\/p>\t\t\t\t\t\t\t\t<\/div>\n\t\t\t\t<\/div>\n\t\t\t\t\t<\/div>\n\t\t<\/div>\n\t\t\t\t\t<\/div>\n\t\t<\/section>\n\t\t\t\t\t<\/div>\n\t\t<\/div>\n\t\t\t\t\t<\/div>\n\t\t<\/section>\n\t\t\t\t<section class=\"elementor-section elementor-top-section elementor-element elementor-element-27c7c70 elementor-section-boxed elementor-section-height-default elementor-section-height-default\" data-id=\"27c7c70\" data-element_type=\"section\" data-e-type=\"section\">\n\t\t\t\t\t\t<div class=\"elementor-container elementor-column-gap-default\">\n\t\t\t\t\t<div class=\"elementor-column elementor-col-100 elementor-top-column elementor-element elementor-element-2af0377\" data-id=\"2af0377\" data-element_type=\"column\" data-e-type=\"column\">\n\t\t\t<div class=\"elementor-widget-wrap elementor-element-populated\">\n\t\t\t\t\t\t<section class=\"elementor-section elementor-inner-section elementor-element elementor-element-781c7ae elementor-section-boxed elementor-section-height-default elementor-section-height-default\" data-id=\"781c7ae\" data-element_type=\"section\" data-e-type=\"section\">\n\t\t\t\t\t\t<div class=\"elementor-container elementor-column-gap-default\">\n\t\t\t\t\t<div class=\"elementor-column elementor-col-100 elementor-inner-column elementor-element elementor-element-64186c6\" data-id=\"64186c6\" data-element_type=\"column\" data-e-type=\"column\">\n\t\t\t<div class=\"elementor-widget-wrap elementor-element-populated\">\n\t\t\t\t\t\t<div class=\"elementor-element elementor-element-48e836a elementor-widget elementor-widget-heading\" data-id=\"48e836a\" data-element_type=\"widget\" data-e-type=\"widget\" data-widget_type=\"heading.default\">\n\t\t\t\t<div class=\"elementor-widget-container\">\n\t\t\t\t\t<h4 class=\"elementor-heading-title elementor-size-default\"><h5 data-elementor-setting-key=\"title\" data-pen-placeholder=\"Eingabe hier...\" style=\"font-style: normal;text-align: start\">Unfallverh\u00fctungsvorschrift Jagd in der Ausgabe vom 20. Juni 2023 im Bereich Dokumente als Download verf\u00fcgbar<span style=\"font-size: 1.33333rem;font-style: inherit;text-align: center\"><\/span><\/h5><\/h4>\t\t\t\t<\/div>\n\t\t\t\t<\/div>\n\t\t\t\t\t<\/div>\n\t\t<\/div>\n\t\t\t\t\t<\/div>\n\t\t<\/section>\n\t\t\t\t<section class=\"elementor-section elementor-inner-section elementor-element elementor-element-852ec75 elementor-section-boxed elementor-section-height-default elementor-section-height-default\" data-id=\"852ec75\" data-element_type=\"section\" data-e-type=\"section\">\n\t\t\t\t\t\t<div class=\"elementor-container elementor-column-gap-default\">\n\t\t\t\t\t<div class=\"elementor-column elementor-col-50 elementor-inner-column elementor-element elementor-element-cc1d240\" data-id=\"cc1d240\" data-element_type=\"column\" data-e-type=\"column\">\n\t\t\t<div class=\"elementor-widget-wrap elementor-element-populated\">\n\t\t\t\t\t\t<div class=\"elementor-element elementor-element-ca86e50 elementor-widget elementor-widget-image\" data-id=\"ca86e50\" data-element_type=\"widget\" data-e-type=\"widget\" data-widget_type=\"image.default\">\n\t\t\t\t<div class=\"elementor-widget-container\">\n\t\t\t\t\t\t\t\t\t\t\t\t\t\t\t<img loading=\"lazy\" decoding=\"async\" width=\"300\" height=\"226\" src=\"https:\/\/kamenzer-jagdverband.de\/wp-content\/uploads\/2023\/02\/Bruch-und-Hut-300x226.jpg\" class=\"attachment-medium size-medium wp-image-1775\" alt=\"\" srcset=\"https:\/\/kamenzer-jagdverband.de\/wp-content\/uploads\/2023\/02\/Bruch-und-Hut-300x226.jpg 300w, https:\/\/kamenzer-jagdverband.de\/wp-content\/uploads\/2023\/02\/Bruch-und-Hut-768x580.jpg 768w, https:\/\/kamenzer-jagdverband.de\/wp-content\/uploads\/2023\/02\/Bruch-und-Hut-600x453.jpg 600w, https:\/\/kamenzer-jagdverband.de\/wp-content\/uploads\/2023\/02\/Bruch-und-Hut.jpg 954w\" sizes=\"(max-width: 300px) 100vw, 300px\" \/>\t\t\t\t\t\t\t\t\t\t\t\t\t\t\t<\/div>\n\t\t\t\t<\/div>\n\t\t\t\t\t<\/div>\n\t\t<\/div>\n\t\t\t\t<div class=\"elementor-column elementor-col-50 elementor-inner-column elementor-element elementor-element-fbbc11f\" data-id=\"fbbc11f\" data-element_type=\"column\" data-e-type=\"column\">\n\t\t\t<div class=\"elementor-widget-wrap elementor-element-populated\">\n\t\t\t\t\t\t<div class=\"elementor-element elementor-element-687208b elementor-widget elementor-widget-text-editor\" data-id=\"687208b\" data-element_type=\"widget\" data-e-type=\"widget\" data-widget_type=\"text-editor.default\">\n\t\t\t\t<div class=\"elementor-widget-container\">\n\t\t\t\t\t\t\t\t\t<p style=\"font-size: 15px; font-style: normal; font-weight: 500;\">Die aktuelle Ausgabe der Unfallverh\u00fctungsvorschrift Jagd\u00a0 (VSG 4.4) vom 20. Juni 2023 findet ihr im Bereich Dokumente als Download. Weiterhin m\u00f6chten wir auf die sehr anschauliche und informative Brosch\u00fcre der SVLFG aufmerksam machen, die die VSG \u201eJagd\u201c vor Augen f\u00fchren<br \/>und erl\u00e4utern soll, sowie Hinweise zur gesetzlichen Unfallversicherung, Zusatzversicherung gibt.<\/p><p style=\"font-size: 15px; font-style: normal; font-weight: 500;\">Die Brosch\u00fcre als Erg\u00e4nzung zur VSG 4.4 findet ihr als Download<a style=\"color: #007527; transition-property: all;\" href=\"https:\/\/kamenzer-jagdverband.de\/wp-content\/uploads\/2023\/07\/Broschuere-_-Jagd-Vorschriften-fuer-Sicherheit-und-Gesundheitsschutz.pdf\">\u00a0<\/a><a style=\"color: #007527; transition-property: all;\" href=\"https:\/\/kamenzer-jagdverband.de\/wp-content\/uploads\/2023\/07\/Broschuere-_-Jagd-Vorschriften-fuer-Sicherheit-und-Gesundheitsschutz.pdf\" target=\"_blank\" rel=\"noopener\">hier<\/a><a style=\"color: #007527; transition-property: all;\" href=\"https:\/\/kamenzer-jagdverband.de\/wp-content\/uploads\/2023\/07\/Broschuere-_-Jagd-Vorschriften-fuer-Sicherheit-und-Gesundheitsschutz.pdf\">.<\/a><\/p><p>\u00a0<\/p>\t\t\t\t\t\t\t\t<\/div>\n\t\t\t\t<\/div>\n\t\t\t\t\t<\/div>\n\t\t<\/div>\n\t\t\t\t\t<\/div>\n\t\t<\/section>\n\t\t\t\t\t<\/div>\n\t\t<\/div>\n\t\t\t\t\t<\/div>\n\t\t<\/section>\n\t\t\t\t<section class=\"elementor-section elementor-top-section elementor-element elementor-element-4aa17ec elementor-section-boxed elementor-section-height-default elementor-section-height-default\" data-id=\"4aa17ec\" data-element_type=\"section\" data-e-type=\"section\">\n\t\t\t\t\t\t<div class=\"elementor-container elementor-column-gap-default\">\n\t\t\t\t\t<div class=\"elementor-column elementor-col-100 elementor-top-column elementor-element elementor-element-4975b66\" data-id=\"4975b66\" data-element_type=\"column\" data-e-type=\"column\">\n\t\t\t<div class=\"elementor-widget-wrap elementor-element-populated\">\n\t\t\t\t\t\t<section class=\"elementor-section elementor-inner-section elementor-element elementor-element-4c3fbc9 elementor-section-boxed elementor-section-height-default elementor-section-height-default\" data-id=\"4c3fbc9\" data-element_type=\"section\" data-e-type=\"section\">\n\t\t\t\t\t\t<div class=\"elementor-container elementor-column-gap-default\">\n\t\t\t\t\t<div class=\"elementor-column elementor-col-100 elementor-inner-column elementor-element elementor-element-66f7f4c\" data-id=\"66f7f4c\" data-element_type=\"column\" data-e-type=\"column\">\n\t\t\t<div class=\"elementor-widget-wrap elementor-element-populated\">\n\t\t\t\t\t\t<div class=\"elementor-element elementor-element-f103a3b elementor-widget elementor-widget-heading\" data-id=\"f103a3b\" data-element_type=\"widget\" data-e-type=\"widget\" data-widget_type=\"heading.default\">\n\t\t\t\t<div class=\"elementor-widget-container\">\n\t\t\t\t\t<h4 class=\"elementor-heading-title elementor-size-default\">Wildtierschutz bei der Mahd - Ma\u00dfnahmen-Ratgeber der Deutschen Wildttierstiftung ver\u00f6ffentlicht \u200b<\/h4>\t\t\t\t<\/div>\n\t\t\t\t<\/div>\n\t\t\t\t\t<\/div>\n\t\t<\/div>\n\t\t\t\t\t<\/div>\n\t\t<\/section>\n\t\t\t\t<section class=\"elementor-section elementor-inner-section elementor-element elementor-element-2be2877 elementor-section-boxed elementor-section-height-default elementor-section-height-default\" data-id=\"2be2877\" data-element_type=\"section\" data-e-type=\"section\">\n\t\t\t\t\t\t<div class=\"elementor-container elementor-column-gap-default\">\n\t\t\t\t\t<div class=\"elementor-column elementor-col-50 elementor-inner-column elementor-element elementor-element-6555d17\" data-id=\"6555d17\" data-element_type=\"column\" data-e-type=\"column\">\n\t\t\t<div class=\"elementor-widget-wrap elementor-element-populated\">\n\t\t\t\t\t\t<div class=\"elementor-element elementor-element-ccaf190 elementor-widget elementor-widget-image\" data-id=\"ccaf190\" data-element_type=\"widget\" data-e-type=\"widget\" data-widget_type=\"image.default\">\n\t\t\t\t<div class=\"elementor-widget-container\">\n\t\t\t\t\t\t\t\t\t\t\t\t\t\t\t<img loading=\"lazy\" decoding=\"async\" width=\"300\" height=\"276\" src=\"https:\/\/kamenzer-jagdverband.de\/wp-content\/uploads\/2023\/05\/Unbenannt-300x276.jpg\" class=\"attachment-medium size-medium wp-image-1994\" alt=\"\" srcset=\"https:\/\/kamenzer-jagdverband.de\/wp-content\/uploads\/2023\/05\/Unbenannt-300x276.jpg 300w, https:\/\/kamenzer-jagdverband.de\/wp-content\/uploads\/2023\/05\/Unbenannt.jpg 586w\" sizes=\"(max-width: 300px) 100vw, 300px\" \/>\t\t\t\t\t\t\t\t\t\t\t\t\t\t\t<\/div>\n\t\t\t\t<\/div>\n\t\t\t\t\t<\/div>\n\t\t<\/div>\n\t\t\t\t<div class=\"elementor-column elementor-col-50 elementor-inner-column elementor-element elementor-element-8123625\" data-id=\"8123625\" data-element_type=\"column\" data-e-type=\"column\">\n\t\t\t<div class=\"elementor-widget-wrap elementor-element-populated\">\n\t\t\t\t\t\t<div class=\"elementor-element elementor-element-9f4b0ba elementor-widget elementor-widget-text-editor\" data-id=\"9f4b0ba\" data-element_type=\"widget\" data-e-type=\"widget\" data-widget_type=\"text-editor.default\">\n\t\t\t\t<div class=\"elementor-widget-container\">\n\t\t\t\t\t\t\t\t\t<p style=\"font-size: 15px; font-style: normal; font-weight: 500;\">Der Mai ist die Zeit der ersten Mahd.\u00a0Was f\u00fcr Landwirte eine notwendige Ernte ist, ist f\u00fcr frisch geborene Rehkitze, junge Feldhasen oder die Gelege seltener Wiesenv\u00f6gel h\u00e4ufig das Ende.<\/p><div>Aus diesem Grund hat die Deutschen Wildtier Stiftung in Zusammenarbeit mit der Deutschen Wildtierrettung e.V. einen Ratgeber mit Ma\u00dfnahmen zur Tierrettung und zum pr\u00e4ventiven Schutz unseres Wildes f\u00fcr J\u00e4ger und Landwirte ver\u00f6ffentlicht.<\/div><p style=\"font-size: 15px; font-style: normal; font-weight: 500;\"><span style=\"font-size: 1rem;\">Mehr Informationen findet Ihr im Bereich Mitteilungen.<\/span><a style=\"background-color: #f6f9f6; color: #007527;\" href=\"https:\/\/kamenzer-jagdverband.de\/wp-content\/uploads\/2023\/07\/Broschuere-_-Jagd-Vorschriften-fuer-Sicherheit-und-Gesundheitsschutz.pdf\">.<\/a><\/p>\t\t\t\t\t\t\t\t<\/div>\n\t\t\t\t<\/div>\n\t\t\t\t\t<\/div>\n\t\t<\/div>\n\t\t\t\t\t<\/div>\n\t\t<\/section>\n\t\t\t\t\t<\/div>\n\t\t<\/div>\n\t\t\t\t\t<\/div>\n\t\t<\/section>\n\t\t\t\t<section class=\"elementor-section elementor-top-section elementor-element elementor-element-15a62e26 elementor-section-height-min-height elementor-section-items-stretch elementor-section-content-middle elementor-section-boxed elementor-section-height-default\" data-id=\"15a62e26\" data-element_type=\"section\" data-e-type=\"section\" data-settings=\"{&quot;background_background&quot;:&quot;gradient&quot;,&quot;shape_divider_top&quot;:&quot;tilt&quot;}\">\n\t\t\t\t\t<div class=\"elementor-shape elementor-shape-top\" aria-hidden=\"true\" data-negative=\"false\">\n\t\t\t<svg xmlns=\"http:\/\/www.w3.org\/2000\/svg\" viewBox=\"0 0 1000 100\" preserveAspectRatio=\"none\">\n\t<path class=\"elementor-shape-fill\" d=\"M0,6V0h1000v100L0,6z\"\/>\n<\/svg>\t\t<\/div>\n\t\t\t\t\t<div class=\"elementor-container elementor-column-gap-default\">\n\t\t\t\t\t<div class=\"elementor-column elementor-col-100 elementor-top-column elementor-element elementor-element-7a6f21b2\" data-id=\"7a6f21b2\" data-element_type=\"column\" data-e-type=\"column\">\n\t\t\t<div class=\"elementor-widget-wrap elementor-element-populated\">\n\t\t\t\t\t\t<section class=\"elementor-section elementor-inner-section elementor-element elementor-element-64ba718 elementor-section-boxed elementor-section-height-default elementor-section-height-default\" data-id=\"64ba718\" data-element_type=\"section\" data-e-type=\"section\">\n\t\t\t\t\t\t<div class=\"elementor-container elementor-column-gap-default\">\n\t\t\t\t\t<div class=\"elementor-column elementor-col-100 elementor-inner-column elementor-element elementor-element-84825a9\" data-id=\"84825a9\" data-element_type=\"column\" data-e-type=\"column\">\n\t\t\t<div class=\"elementor-widget-wrap elementor-element-populated\">\n\t\t\t\t\t\t<div class=\"elementor-element elementor-element-e3519e2 elementor-widget elementor-widget-heading\" data-id=\"e3519e2\" data-element_type=\"widget\" data-e-type=\"widget\" data-widget_type=\"heading.default\">\n\t\t\t\t<div class=\"elementor-widget-container\">\n\t\t\t\t\t<h2 class=\"elementor-heading-title elementor-size-default\">Wichtige Infos<\/h2>\t\t\t\t<\/div>\n\t\t\t\t<\/div>\n\t\t\t\t<div class=\"elementor-element elementor-element-531d9fd elementor-widget-divider--view-line elementor-widget elementor-widget-divider\" data-id=\"531d9fd\" data-element_type=\"widget\" data-e-type=\"widget\" data-widget_type=\"divider.default\">\n\t\t\t\t<div class=\"elementor-widget-container\">\n\t\t\t\t\t\t\t<div class=\"elementor-divider\">\n\t\t\t<span class=\"elementor-divider-separator\">\n\t\t\t\t\t\t<\/span>\n\t\t<\/div>\n\t\t\t\t\t\t<\/div>\n\t\t\t\t<\/div>\n\t\t\t\t\t<\/div>\n\t\t<\/div>\n\t\t\t\t\t<\/div>\n\t\t<\/section>\n\t\t\t\t<section class=\"elementor-section elementor-inner-section elementor-element elementor-element-64995c6 elementor-section-boxed elementor-section-height-default elementor-section-height-default\" data-id=\"64995c6\" data-element_type=\"section\" data-e-type=\"section\">\n\t\t\t\t\t\t<div class=\"elementor-container elementor-column-gap-default\">\n\t\t\t\t\t<div class=\"elementor-column elementor-col-50 elementor-inner-column elementor-element elementor-element-0fc7c61\" data-id=\"0fc7c61\" data-element_type=\"column\" data-e-type=\"column\">\n\t\t\t<div class=\"elementor-widget-wrap elementor-element-populated\">\n\t\t\t\t\t\t<div class=\"elementor-element elementor-element-c346ba4 elementor-position-top elementor-widget elementor-widget-image-box\" data-id=\"c346ba4\" data-element_type=\"widget\" data-e-type=\"widget\" data-widget_type=\"image-box.default\">\n\t\t\t\t<div class=\"elementor-widget-container\">\n\t\t\t\t\t<div class=\"elementor-image-box-wrapper\"><figure class=\"elementor-image-box-img\"><a href=\"https:\/\/www.sms.sachsen.de\/informationen-jaeger.html\" tabindex=\"-1\"><img loading=\"lazy\" decoding=\"async\" width=\"300\" height=\"195\" src=\"https:\/\/kamenzer-jagdverband.de\/wp-content\/uploads\/2023\/01\/Visitenkarten_ASP-J_ger_Cover-300x195.jpg\" class=\"attachment-medium size-medium wp-image-1745\" alt=\"\" srcset=\"https:\/\/kamenzer-jagdverband.de\/wp-content\/uploads\/2023\/01\/Visitenkarten_ASP-J_ger_Cover-300x195.jpg 300w, https:\/\/kamenzer-jagdverband.de\/wp-content\/uploads\/2023\/01\/Visitenkarten_ASP-J_ger_Cover-768x500.jpg 768w, https:\/\/kamenzer-jagdverband.de\/wp-content\/uploads\/2023\/01\/Visitenkarten_ASP-J_ger_Cover-600x390.jpg 600w, https:\/\/kamenzer-jagdverband.de\/wp-content\/uploads\/2023\/01\/Visitenkarten_ASP-J_ger_Cover.jpg 1004w\" sizes=\"(max-width: 300px) 100vw, 300px\" \/><\/a><\/figure><\/div>\t\t\t\t<\/div>\n\t\t\t\t<\/div>\n\t\t\t\t<div class=\"elementor-element elementor-element-e5a503c elementor-widget elementor-widget-text-editor\" data-id=\"e5a503c\" data-element_type=\"widget\" data-e-type=\"widget\" data-widget_type=\"text-editor.default\">\n\t\t\t\t<div class=\"elementor-widget-container\">\n\t\t\t\t\t\t\t\t\t<h4 class=\"elementor-image-box-title elementor-inline-editing pen\" contenteditable=\"true\" data-elementor-setting-key=\"title_text\" data-elementor-inline-editing-toolbar=\"none\" data-pen-placeholder=\"Eingabe hier...\">Informationen des SMUL zur ASP<\/h4>\t\t\t\t\t\t\t\t<\/div>\n\t\t\t\t<\/div>\n\t\t\t\t\t<\/div>\n\t\t<\/div>\n\t\t\t\t<div class=\"elementor-column elementor-col-50 elementor-inner-column elementor-element elementor-element-24c1309\" data-id=\"24c1309\" data-element_type=\"column\" data-e-type=\"column\">\n\t\t\t<div class=\"elementor-widget-wrap elementor-element-populated\">\n\t\t\t\t\t\t<div class=\"elementor-element elementor-element-5911250 elementor-position-top elementor-widget elementor-widget-image-box\" data-id=\"5911250\" data-element_type=\"widget\" data-e-type=\"widget\" data-widget_type=\"image-box.default\">\n\t\t\t\t<div class=\"elementor-widget-container\">\n\t\t\t\t\t<div class=\"elementor-image-box-wrapper\"><figure class=\"elementor-image-box-img\"><a href=\"https:\/\/www.jagdverband.de\/der-djv\" tabindex=\"-1\"><img loading=\"lazy\" decoding=\"async\" width=\"300\" height=\"117\" src=\"https:\/\/kamenzer-jagdverband.de\/wp-content\/uploads\/2022\/10\/DJVlogo-300x117-1.png\" class=\"attachment-medium size-medium wp-image-1234\" alt=\"\" \/><\/a><\/figure><\/div>\t\t\t\t<\/div>\n\t\t\t\t<\/div>\n\t\t\t\t<div class=\"elementor-element elementor-element-b88c0ec elementor-widget elementor-widget-text-editor\" data-id=\"b88c0ec\" data-element_type=\"widget\" data-e-type=\"widget\" data-widget_type=\"text-editor.default\">\n\t\t\t\t<div class=\"elementor-widget-container\">\n\t\t\t\t\t\t\t\t\t<h4 class=\"elementor-image-box-title elementor-inline-editing pen\" contenteditable=\"true\" data-elementor-setting-key=\"title_text\" data-elementor-inline-editing-toolbar=\"none\" data-pen-placeholder=\"Eingabe hier...\">Link zur Internetseite des deutschen Jagdverbandes<\/h4>\t\t\t\t\t\t\t\t<\/div>\n\t\t\t\t<\/div>\n\t\t\t\t\t<\/div>\n\t\t<\/div>\n\t\t\t\t\t<\/div>\n\t\t<\/section>\n\t\t\t\t<div class=\"elementor-element elementor-element-57a78d2 elementor-align-center elementor-widget elementor-widget-button\" data-id=\"57a78d2\" data-element_type=\"widget\" data-e-type=\"widget\" data-widget_type=\"button.default\">\n\t\t\t\t<div class=\"elementor-widget-container\">\n\t\t\t\t\t\t\t\t\t<div class=\"elementor-button-wrapper\">\n\t\t\t\t\t<a class=\"elementor-button elementor-button-link elementor-size-md\" href=\"#\">\n\t\t\t\t\t\t<span class=\"elementor-button-content-wrapper\">\n\t\t\t\t\t\t<span class=\"elementor-button-icon\">\n\t\t\t\t<i aria-hidden=\"true\" class=\"fas fa-chevron-circle-right\"><\/i>\t\t\t<\/span>\n\t\t\t\t\t\t\t\t\t<span class=\"elementor-button-text\">mehr lesen<\/span>\n\t\t\t\t\t<\/span>\n\t\t\t\t\t<\/a>\n\t\t\t\t<\/div>\n\t\t\t\t\t\t\t\t<\/div>\n\t\t\t\t<\/div>\n\t\t\t\t\t<\/div>\n\t\t<\/div>\n\t\t\t\t\t<\/div>\n\t\t<\/section>\n\t\t\t\t<\/div>\n\t\t","protected":false},"excerpt":{"rendered":"<p>Willkommen auf der Internetseite des Kamenzer Jagdverbandes Unser Jagdverband ist ein Zusammenschluss von J\u00e4gern und Freunden der Jagd im Altkreis Kamenz. Sie finden im Folgenden Informationen \u00fcber die Jagd in unserer Region, Aktivit\u00e4ten unseres Kreisjagdverbandes und seiner Mitglieder sowie der Jagdverb\u00e4nde in Land und Bund. Jagd und Hege sind bodenst\u00e4ndige Grundelemente l\u00e4ndlichen Lebens. Sie sind [&hellip;]<\/p>\n","protected":false},"author":1,"featured_media":0,"parent":0,"menu_order":0,"comment_status":"closed","ping_status":"closed","template":"","meta":{"site-sidebar-layout":"no-sidebar","site-content-layout":"page-builder","ast-site-content-layout":"full-width-container","site-content-style":"unboxed","site-sidebar-style":"unboxed","ast-global-header-display":"","ast-banner-title-visibility":"","ast-main-header-display":"","ast-hfb-above-header-display":"","ast-hfb-below-header-display":"","ast-hfb-mobile-header-display":"","site-post-title":"disabled","ast-breadcrumbs-content":"","ast-featured-img":"disabled","footer-sml-layout":"","ast-disable-related-posts":"","theme-transparent-header-meta":"default","adv-header-id-meta":"","stick-header-meta":"","header-above-stick-meta":"","header-main-stick-meta":"","header-below-stick-meta":"","astra-migrate-meta-layouts":"set","ast-page-background-enabled":"default","ast-page-background-meta":{"desktop":{"background-color":"","background-image":"","background-repeat":"repeat","background-position":"center center","background-size":"auto","background-attachment":"scroll","background-type":"","background-media":"","overlay-type":"","overlay-color":"","overlay-opacity":"","overlay-gradient":""},"tablet":{"background-color":"","background-image":"","background-repeat":"repeat","background-position":"center center","background-size":"auto","background-attachment":"scroll","background-type":"","background-media":"","overlay-type":"","overlay-color":"","overlay-opacity":"","overlay-gradient":""},"mobile":{"background-color":"","background-image":"","background-repeat":"repeat","background-position":"center center","background-size":"auto","background-attachment":"scroll","background-type":"","background-media":"","overlay-type":"","overlay-color":"","overlay-opacity":"","overlay-gradient":""}},"ast-content-background-meta":{"desktop":{"background-color":"var(--ast-global-color-5)","background-image":"","background-repeat":"repeat","background-position":"center center","background-size":"auto","background-attachment":"scroll","background-type":"","background-media":"","overlay-type":"","overlay-color":"","overlay-opacity":"","overlay-gradient":""},"tablet":{"background-color":"var(--ast-global-color-5)","background-image":"","background-repeat":"repeat","background-position":"center center","background-size":"auto","background-attachment":"scroll","background-type":"","background-media":"","overlay-type":"","overlay-color":"","overlay-opacity":"","overlay-gradient":""},"mobile":{"background-color":"var(--ast-global-color-5)","background-image":"","background-repeat":"repeat","background-position":"center center","background-size":"auto","background-attachment":"scroll","background-type":"","background-media":"","overlay-type":"","overlay-color":"","overlay-opacity":"","overlay-gradient":""}},"footnotes":""},"class_list":["post-340","page","type-page","status-publish","hentry"],"_links":{"self":[{"href":"https:\/\/kamenzer-jagdverband.de\/index.php?rest_route=\/wp\/v2\/pages\/340","targetHints":{"allow":["GET"]}}],"collection":[{"href":"https:\/\/kamenzer-jagdverband.de\/index.php?rest_route=\/wp\/v2\/pages"}],"about":[{"href":"https:\/\/kamenzer-jagdverband.de\/index.php?rest_route=\/wp\/v2\/types\/page"}],"author":[{"embeddable":true,"href":"https:\/\/kamenzer-jagdverband.de\/index.php?rest_route=\/wp\/v2\/users\/1"}],"replies":[{"embeddable":true,"href":"https:\/\/kamenzer-jagdverband.de\/index.php?rest_route=%2Fwp%2Fv2%2Fcomments&post=340"}],"version-history":[{"count":476,"href":"https:\/\/kamenzer-jagdverband.de\/index.php?rest_route=\/wp\/v2\/pages\/340\/revisions"}],"predecessor-version":[{"id":3310,"href":"https:\/\/kamenzer-jagdverband.de\/index.php?rest_route=\/wp\/v2\/pages\/340\/revisions\/3310"}],"wp:attachment":[{"href":"https:\/\/kamenzer-jagdverband.de\/index.php?rest_route=%2Fwp%2Fv2%2Fmedia&parent=340"}],"curies":[{"name":"wp","href":"https:\/\/api.w.org\/{rel}","templated":true}]}}